{"id":11,"date":"2021-12-14T15:37:01","date_gmt":"2021-12-14T15:37:01","guid":{"rendered":"https:\/\/impreza30.us-themes.com\/?page_id=11"},"modified":"2026-02-04T14:08:28","modified_gmt":"2026-02-04T14:08:28","slug":"impreza-church","status":"publish","type":"page","link":"https:\/\/stne.com.br\/posidpresbiteriana\/","title":{"rendered":"P\u00f3s-Gradua\u00e7\u00e3o em Teologia Sistem\u00e1tica \u2013 Identidade Presbiteriana \u2013 Semin\u00e1rio Teol\u00f3gico do Nordeste"},"content":{"rendered":"<section class=\"l-section wpb_row height_custom full_height valign_center color_primary with_img\" id=\"inicio\"><div class=\"l-section-img\" role=\"img\" data-img-width=\"1920\" data-img-height=\"1280\" style=\"background-image: url(https:\/\/stne.com.br\/posidpresbiteriana\/wp-content\/uploads\/2025\/10\/slide.jpg);\"><\/div><div class=\"l-section-overlay\" style=\"background:rgba(109,110,113,0.85)\"><\/div><div class=\"l-section-h i-cf\"><div class=\"g-cols vc_row via_grid cols_1 laptops-cols_inherit tablets-cols_inherit mobiles-cols_1 valign_bottom type_default stacking_default\"><div class=\"wpb_column vc_column_container\"><div class=\"vc_column-inner\"><div class=\"wpb_text_column\"><div class=\"wpb_wrapper\"><h2 style=\"text-align: center;\"><span>P\u00f3s-Gradua\u00e7\u00e3o em Teologia Sistem\u00e1tica<br \/>\n\u2013 Identidade Presbiteriana<\/span><\/h2>\n<\/div><\/div><\/div><\/div><\/div><\/div><\/section><section class=\"l-section wpb_row height_auto\"><div class=\"l-section-h i-cf\"><div class=\"g-cols vc_row via_grid cols_1 laptops-cols_inherit tablets-cols_inherit mobiles-cols_1 valign_top type_default stacking_default\"><div class=\"wpb_column vc_column_container us_custom_b6093f0a has_text_color has_bg_color\"><div class=\"vc_column-inner\"><div class=\"w-iconbox us_custom_c2f20314 iconpos_top style_circle color_custom align_center no_text no_title\"><div class=\"w-iconbox-icon\" style=\"font-size:2rem;--icon-color:var(--color-content-bg-alt);--icon-bg-color:#6d6e71;\"><i class=\"fas fa-pray\"><\/i><\/div><div class=\"w-iconbox-meta\"><\/div><\/div><div class=\"wpb_text_column us_custom_2acb69ba\"><div class=\"wpb_wrapper\"><p style=\"text-align: center;\">&#8220;<em>Procura apresentar-te a Deus aprovado, como obreiro que n\u00e3o tem de que se envergonhar, que maneja bem a palavra da verdade.&#8221;<\/em> 2Tim\u00f3teo 2:15<\/p>\n<\/div><\/div><\/div><\/div><\/div><\/div><\/section><section class=\"l-section wpb_row height_small\"><div class=\"l-section-overlay\" style=\"background:#ffffff\"><\/div><div class=\"l-section-h i-cf\"><div class=\"g-cols vc_row via_grid cols_1 laptops-cols_inherit tablets-cols_inherit mobiles-cols_1 valign_top type_default stacking_default\"><div class=\"wpb_column vc_column_container\"><div class=\"vc_column-inner\"><div class=\"wpb_text_column\"><div class=\"wpb_wrapper\"><p>A <strong data-start=\"2\" data-end=\"70\">P\u00f3s-Gradua\u00e7\u00e3o em Teologia Sistem\u00e1tica \u2013 Identidade Presbiteriana<\/strong> foi cuidadosamente estruturada para aprofundar o conhecimento teol\u00f3gico e fortalecer a compreens\u00e3o das doutrinas centrais da f\u00e9 reformada. Com uma grade curricular s\u00f3lida e coerente com as Escrituras, o curso promove reflex\u00e3o cr\u00edtica, rigor acad\u00eamico e aplica\u00e7\u00e3o pr\u00e1tica. Nesta P\u00f3s-Gradua\u00e7\u00e3o, o estudante \u00e9 conduzido a consolidar sua identidade presbiteriana, servindo \u00e0 igreja com convic\u00e7\u00e3o, fidelidade doutrin\u00e1ria e excel\u00eancia ministerial, sempre para a gl\u00f3ria de Deus.<\/p>\n<\/div><\/div><\/div><\/div><\/div><\/div><\/section><section class=\"l-section wpb_row height_small\"><div class=\"l-section-h i-cf\"><div class=\"g-cols vc_row via_grid cols_1 laptops-cols_inherit tablets-cols_inherit mobiles-cols_1 valign_top type_default stacking_default\"><div class=\"wpb_column vc_column_container\"><div class=\"vc_column-inner\"><div class=\"w-separator size_medium\"><\/div><\/div><\/div><\/div><\/div><\/section><section class=\"l-section wpb_row us_custom_933601bd height_auto\" id=\"curso\"><div class=\"l-section-h i-cf\"><div class=\"g-cols vc_row via_grid cols_2 laptops-cols_inherit tablets-cols_1 mobiles-cols_1 valign_top type_default stacking_default\" style=\"--gap:0rem;\"><div class=\"wpb_column vc_column_container us_custom_6c21c073 us_animate_this stretched\"><div class=\"vc_column-inner\"><div class=\"w-image us_custom_fea3e59e align_none\"><div class=\"w-image-h\"><img decoding=\"async\" width=\"1024\" height=\"877\" src=\"https:\/\/stne.com.br\/posidpresbiteriana\/wp-content\/uploads\/2025\/10\/cursoposid3.jpg\" class=\"attachment-full size-full\" alt=\"\" loading=\"lazy\" srcset=\"https:\/\/stne.com.br\/posidpresbiteriana\/wp-content\/uploads\/2025\/10\/cursoposid3.jpg 1024w, https:\/\/stne.com.br\/posidpresbiteriana\/wp-content\/uploads\/2025\/10\/cursoposid3-300x257.jpg 300w\" sizes=\"auto, (max-width: 1024px) 100vw, 1024px\" \/><\/div><\/div><\/div><\/div><div class=\"wpb_column vc_column_container us_custom_66935fbd us_animate_this\" id=\"curso\"><div class=\"vc_column-inner\"><h1 class=\"w-text us_custom_8e7b4c3c has_text_color\"><span class=\"w-text-h\"><span class=\"w-text-value\">Por que escolher o curso?<\/span><\/span><\/h1><div class=\"wpb_text_column us_custom_c3145f75\"><div class=\"wpb_wrapper\"><ul>\n<li><strong data-start=\"92\" data-end=\"121\">Profundidade doutrin\u00e1ria:<\/strong> Estudo sistem\u00e1tico das principais doutrinas da f\u00e9 crist\u00e3 sob uma perspectiva reformada e confessional.<\/li>\n<li><strong>Excel\u00eancia acad\u00eamica: <\/strong>Corpo docente composto por te\u00f3logos e mestres experientes, comprometidos com a fidelidade \u00e0s Escrituras.<\/li>\n<li><strong>Forma\u00e7\u00e3o integral: <\/strong>Abordagem que une rigor teol\u00f3gico, reflex\u00e3o pr\u00e1tica e identidade presbiteriana s\u00f3lida.<\/li>\n<li><strong>Ambiente de comunh\u00e3o: <\/strong>Oportunidade de aprendizado e crescimento conjunto com outros l\u00edderes e estudantes comprometidos com a verdade reformada.<\/li>\n<\/ul>\n<\/div><\/div><div class=\"w-separator size_custom\" style=\"height:40px\"><\/div><\/div><\/div><\/div><\/div><\/section><section class=\"l-section wpb_row us_custom_eb6b563a height_auto\"><div class=\"l-section-h i-cf\"><div class=\"g-cols vc_row via_grid cols_2 laptops-cols_inherit tablets-cols_1 mobiles-cols_1 valign_middle type_default stacking_default\" style=\"--gap:0rem;\"><div class=\"wpb_column vc_column_container us_custom_6c21c073 us_animate_this stretched\"><div class=\"vc_column-inner\"><div class=\"w-image us_custom_fea3e59e align_none\"><div class=\"w-image-h\"><img decoding=\"async\" width=\"1024\" height=\"877\" src=\"https:\/\/stne.com.br\/posidpresbiteriana\/wp-content\/uploads\/2025\/10\/cursoposid.jpg\" class=\"attachment-full size-full\" alt=\"\" loading=\"lazy\" srcset=\"https:\/\/stne.com.br\/posidpresbiteriana\/wp-content\/uploads\/2025\/10\/cursoposid.jpg 1024w, https:\/\/stne.com.br\/posidpresbiteriana\/wp-content\/uploads\/2025\/10\/cursoposid-300x257.jpg 300w\" sizes=\"auto, (max-width: 1024px) 100vw, 1024px\" \/><\/div><\/div><\/div><\/div><div class=\"wpb_column vc_column_container us_custom_4fa4fcd7 us_animate_this\"><div class=\"vc_column-inner\"><h1 class=\"w-text us_custom_8e7b4c3c has_text_color\"><span class=\"w-text-h\"><span class=\"w-text-value\">Quem pode fazer?<\/span><\/span><\/h1><div class=\"wpb_text_column us_custom_c3145f75\"><div class=\"wpb_wrapper\"><p data-start=\"623\" data-end=\"977\">O curso \u00e9 voltado a presb\u00edteros, pastores, seminaristas, professores e membros de igrejas genuinamente evang\u00e9licas (presbiterianas ou n\u00e3o), que estejam em plena comunh\u00e3o com sua igreja local. Para matr\u00edcula, \u00e9 necess\u00e1rio apresentar uma carta de recomenda\u00e7\u00e3o ou comprova\u00e7\u00e3o de v\u00ednculo, emitida pelo pastor ou conc\u00edlio respons\u00e1vel.<\/p>\n<\/div><\/div><div class=\"w-separator size_custom\" style=\"height:40px\"><\/div><\/div><\/div><\/div><\/div><\/section><section class=\"l-section wpb_row height_auto color_primary\" id=\"informacoes\"><div class=\"l-section-overlay\" style=\"background:#0d5131\"><\/div><div class=\"l-section-h i-cf\"><div class=\"g-cols vc_row via_grid cols_1 laptops-cols_inherit tablets-cols_inherit mobiles-cols_1 valign_top type_default stacking_default\"><div class=\"wpb_column vc_column_container\"><div class=\"vc_column-inner\"><div class=\"w-separator size_small\"><\/div><div class=\"g-cols wpb_row via_grid cols_4 laptops-cols_inherit tablets-cols_inherit mobiles-cols_1 valign_top type_default stacking_default\" style=\"--gap:3rem;\"><div class=\"wpb_column vc_column_container\"><div class=\"vc_column-inner\"><div class=\"aio-icon-component    style_1\"><div id=\"Info-box-wrap-1165\" class=\"aio-icon-box top-icon\" style=\"\"  ><div class=\"aio-icon-top\"><div class=\"ult-just-icon-wrapper  \"><div class=\"align-icon\" style=\"text-align:center;\">\n<div class=\"aio-icon circle \"  style=\"color:#ffffff;background:#6D6E71;font-size:30px;display:inline-block;\">\n\t<i class=\"Defaults-clock-o\"><\/i>\n<\/div><\/div><\/div><\/div><div class=\"aio-icon-header\" ><h4 class=\"aio-icon-title ult-responsive\"  data-ultimate-target='#Info-box-wrap-1165 .aio-icon-title'  data-responsive-json-new='{\"font-size\":\"\",\"line-height\":\"\"}'  style=\"\">Dura\u00e7\u00e3o<\/h4><\/div> <!-- header --><div class=\"aio-icon-description ult-responsive\"  data-ultimate-target='#Info-box-wrap-1165 .aio-icon-description'  data-responsive-json-new='{\"font-size\":\"\",\"line-height\":\"\"}'  style=\"\">\n<p style=\"text-align: center;\"><span>10 m\u00f3dulos<\/span><\/p>\n<\/div> <!-- description --><\/div> <!-- aio-icon-box --><\/div> <!-- aio-icon-component --><\/div><\/div><div class=\"wpb_column vc_column_container\"><div class=\"vc_column-inner\"><div class=\"aio-icon-component    style_1\"><div id=\"Info-box-wrap-2527\" class=\"aio-icon-box top-icon\" style=\"\"  ><div class=\"aio-icon-top\"><div class=\"ult-just-icon-wrapper  \"><div class=\"align-icon\" style=\"text-align:center;\">\n<div class=\"aio-icon circle \"  style=\"color:#ffffff;background:#6D6E71;font-size:30px;display:inline-block;\">\n\t<i class=\"Defaults-dollar usd\"><\/i>\n<\/div><\/div><\/div><\/div><div class=\"aio-icon-header\" ><h4 class=\"aio-icon-title ult-responsive\"  data-ultimate-target='#Info-box-wrap-2527 .aio-icon-title'  data-responsive-json-new='{\"font-size\":\"\",\"line-height\":\"\"}'  style=\"\">Investimento<\/h4><\/div> <!-- header --><div class=\"aio-icon-description ult-responsive\"  data-ultimate-target='#Info-box-wrap-2527 .aio-icon-description'  data-responsive-json-new='{\"font-size\":\"\",\"line-height\":\"\"}'  style=\"\">\n<p style=\"text-align: center;\"><strong>Matr\u00edcula:<\/strong> R$200,00 (Taxa \u00fanica para todo o curso)<br \/>\n<strong>M\u00f3dulo:<\/strong> <span>R$250,00 (Valor por m\u00f3dulo cursado)<\/span><\/p>\n<\/div> <!-- description --><\/div> <!-- aio-icon-box --><\/div> <!-- aio-icon-component --><\/div><\/div><div class=\"wpb_column vc_column_container\"><div class=\"vc_column-inner\"><div class=\"aio-icon-component    style_1\"><div id=\"Info-box-wrap-5002\" class=\"aio-icon-box top-icon\" style=\"\"  ><div class=\"aio-icon-top\"><div class=\"ult-just-icon-wrapper  \"><div class=\"align-icon\" style=\"text-align:center;\">\n<div class=\"aio-icon circle \"  style=\"color:#ffffff;background:#6D6E71;font-size:30px;display:inline-block;\">\n\t<i class=\"Defaults-wifi\"><\/i>\n<\/div><\/div><\/div><\/div><div class=\"aio-icon-header\" ><h4 class=\"aio-icon-title ult-responsive\"  data-ultimate-target='#Info-box-wrap-5002 .aio-icon-title'  data-responsive-json-new='{\"font-size\":\"\",\"line-height\":\"\"}'  style=\"\">Modalidade<\/h4><\/div> <!-- header --><div class=\"aio-icon-description ult-responsive\"  data-ultimate-target='#Info-box-wrap-5002 .aio-icon-description'  data-responsive-json-new='{\"font-size\":\"\",\"line-height\":\"\"}'  style=\"\">\n<p style=\"text-align: center;\">EAD<\/p>\n<\/div> <!-- description --><\/div> <!-- aio-icon-box --><\/div> <!-- aio-icon-component --><\/div><\/div><div class=\"wpb_column vc_column_container\"><div class=\"vc_column-inner\"><div class=\"aio-icon-component    style_1\"><div id=\"Info-box-wrap-8078\" class=\"aio-icon-box top-icon\" style=\"\"  ><div class=\"aio-icon-top\"><div class=\"ult-just-icon-wrapper  \"><div class=\"align-icon\" style=\"text-align:center;\">\n<div class=\"aio-icon circle \"  style=\"color:#ffffff;background:#6D6E71;font-size:30px;display:inline-block;\">\n\t<i class=\"Defaults-user\"><\/i>\n<\/div><\/div><\/div><\/div><div class=\"aio-icon-header\" ><h4 class=\"aio-icon-title ult-responsive\"  data-ultimate-target='#Info-box-wrap-8078 .aio-icon-title'  data-responsive-json-new='{\"font-size\":\"\",\"line-height\":\"\"}'  style=\"\">Vagas<\/h4><\/div> <!-- header --><div class=\"aio-icon-description ult-responsive\"  data-ultimate-target='#Info-box-wrap-8078 .aio-icon-description'  data-responsive-json-new='{\"font-size\":\"\",\"line-height\":\"\"}'  style=\"\">\n<p style=\"text-align: center;\">30 Vagas<\/p>\n<\/div> <!-- description --><\/div> <!-- aio-icon-box --><\/div> <!-- aio-icon-component --><\/div><\/div><\/div><div class=\"w-separator size_small\"><\/div><\/div><\/div><\/div><\/div><\/section><section class=\"l-section wpb_row height_auto\" id=\"curriculo\"><div class=\"l-section-h i-cf\"><div class=\"g-cols vc_row via_grid cols_1 laptops-cols_inherit tablets-cols_inherit mobiles-cols_1 valign_top type_default stacking_default\"><div class=\"wpb_column vc_column_container\"><div class=\"vc_column-inner\"><div class=\"g-cols wpb_row via_grid cols_1 laptops-cols_inherit tablets-cols_inherit mobiles-cols_1 valign_top type_default stacking_default\" style=\"--gap:3rem;\"><div class=\"wpb_column vc_column_container\"><div class=\"vc_column-inner\"><div class=\"w-separator size_huge\"><\/div><h1 class=\"w-text us_custom_8e7b4c3c has_text_color\" id=\"disciplinas\"><span class=\"w-text-h\"><span class=\"w-text-value\">Curr\u00edculo<\/span><\/span><\/h1><\/div><\/div><\/div><div class=\"w-separator size_medium\"><\/div><div class=\"w-tabs style_default switch_click accordion has_scrolling\" style=\"--sections-title-size:inherit\"><div class=\"w-tabs-sections titles-align_none icon_chevron cpos_right\"><div class=\"w-tabs-section\" id=\"c179\"><button class=\"w-tabs-section-header\" aria-controls=\"content-c179\" aria-expanded=\"false\"><div class=\"w-tabs-section-title\">1. Hist\u00f3ria do presbiterianismo (30h) &#8211; Rev. Maely Vilela<\/div><div class=\"w-tabs-section-control\"><\/div><\/button><div  class=\"w-tabs-section-content\" id=\"content-c179\"><div class=\"w-tabs-section-content-h i-cf\"><div class=\"wpb_text_column\"><div class=\"wpb_wrapper\"><p><i>Estudo das origens e desenvolvimento hist\u00f3rico do presbiterianismo desde a Reforma Protestante at\u00e9 o presente. \u00canfase na forma\u00e7\u00e3o do presbiterianismo na Esc\u00f3cia, Inglaterra e Am\u00e9rica Latina, especialmente no Brasil. Discuss\u00e3o sobre os principais personagens e movimentos presbiterianos.<\/i><\/p>\n<\/div><\/div><\/div><\/div><\/div><div class=\"w-tabs-section\" id=\"g592\"><button class=\"w-tabs-section-header\" aria-controls=\"content-g592\" aria-expanded=\"false\"><div class=\"w-tabs-section-title\">2. Confessionalidade presbiteriana (30h) &#8211; Rev. Rog\u00e9rio Cunha<\/div><div class=\"w-tabs-section-control\"><\/div><\/button><div  class=\"w-tabs-section-content\" id=\"content-g592\"><div class=\"w-tabs-section-content-h i-cf\"><div class=\"wpb_text_column\"><div class=\"wpb_wrapper\"><p><i>Explora\u00e7\u00e3o dos princ\u00edpios fundamentais da Teologia Reformada, enfatizando as confiss\u00f5es e catecismos reformados. An\u00e1lise das doutrinas da gra\u00e7a e do princ\u00edpio Sola Scriptura. Discuss\u00e3o sobre os desafios contempor\u00e2neos enfrentados pela teologia reformada.<\/i><\/p>\n<\/div><\/div><\/div><\/div><\/div><div class=\"w-tabs-section\" id=\"y98e\"><button class=\"w-tabs-section-header\" aria-controls=\"content-y98e\" aria-expanded=\"false\"><div class=\"w-tabs-section-title\">3. Doutrina e governo eclesi\u00e1stico (30h) &#8211; Rev. Alan Renn\u00ea<\/div><div class=\"w-tabs-section-control\"><\/div><\/button><div  class=\"w-tabs-section-content\" id=\"content-y98e\"><div class=\"w-tabs-section-content-h i-cf\"><div class=\"wpb_text_column\"><div class=\"wpb_wrapper\"><p><i>Introdu\u00e7\u00e3o ao polity presbiteriano \u00e0 luz da Constitui\u00e7\u00e3o da IPB, com \u00eanfase em princ\u00edpios b\u00edblicos e pr\u00e1ticos. Estudo sobre governo representativo, conc\u00edlios eclesi\u00e1sticos e a disciplina eclesi\u00e1stica. Compara\u00e7\u00e3o cr\u00edtica com outros sistemas eclesi\u00e1sticos.<\/i><\/p>\n<\/div><\/div><\/div><\/div><\/div><div class=\"w-tabs-section\" id=\"pd9b\"><button class=\"w-tabs-section-header\" aria-controls=\"content-pd9b\" aria-expanded=\"false\"><div class=\"w-tabs-section-title\">4. Hermen\u00eautica reformada (30h) &#8211; Rev. Jeft\u00e9 Alves<\/div><div class=\"w-tabs-section-control\"><\/div><\/button><div  class=\"w-tabs-section-content\" id=\"content-pd9b\"><div class=\"w-tabs-section-content-h i-cf\"><div class=\"wpb_text_column\"><div class=\"wpb_wrapper\"><p><i>Estudo dos princ\u00edpios hermen\u00eauticos reformados desde a Reforma Protestante at\u00e9 os dias atuais. An\u00e1lise das abordagens exeg\u00e9ticas e interpretativas desenvolvidas pelos te\u00f3logos reformados e seu impacto na interpreta\u00e7\u00e3o b\u00edblica. Compara\u00e7\u00e3o com outras escolas hermen\u00eauticas e aplica\u00e7\u00e3o pr\u00e1tica na prega\u00e7\u00e3o, ensino e vida crist\u00e3.<\/i><\/p>\n<\/div><\/div><\/div><\/div><\/div><div class=\"w-tabs-section\" id=\"a16d\"><button class=\"w-tabs-section-header\" aria-controls=\"content-a16d\" aria-expanded=\"false\"><div class=\"w-tabs-section-title\">5. Teologia do Pacto (30h) &#8211; Rev. Jeft\u00e9 Alves \/ Rev. Tiago Baia<\/div><div class=\"w-tabs-section-control\"><\/div><\/button><div  class=\"w-tabs-section-content\" id=\"content-a16d\"><div class=\"w-tabs-section-content-h i-cf\"><div class=\"wpb_text_column\"><div class=\"wpb_wrapper\"><p><i>Estudo sistem\u00e1tico da Teologia do Pacto como estrutura hermen\u00eautica fundamental da teologia reformada. Analisa os principais pactos b\u00edblicos (Obras, Gra\u00e7a e Reden\u00e7\u00e3o), bem como a rela\u00e7\u00e3o entre elas e a unidade e progress\u00e3o da revela\u00e7\u00e3o divina. Discute as implica\u00e7\u00f5es da Teologia do Pacto para a soteriologia, escatologia, \u00e9tica crist\u00e3 e pr\u00e1tica eclesi\u00e1stica.<\/i><\/p>\n<\/div><\/div><\/div><\/div><\/div><div class=\"w-tabs-section\" id=\"a534\"><button class=\"w-tabs-section-header\" aria-controls=\"content-a534\" aria-expanded=\"false\"><div class=\"w-tabs-section-title\">6. Liturgia e culto presbiteriano (30h) &#8211; Rev. Alan Renn\u00ea<\/div><div class=\"w-tabs-section-control\"><\/div><\/button><div  class=\"w-tabs-section-content\" id=\"content-a534\"><div class=\"w-tabs-section-content-h i-cf\"><div class=\"wpb_text_column\"><div class=\"wpb_wrapper\"><p><i>Estrutura e elementos do culto reformado, centralidade da Palavra e dos sacramentos, m\u00fasica e adora\u00e7\u00e3o no contexto presbiteriano. Discuss\u00e3o sobre inova\u00e7\u00f5es lit\u00fargicas e festividades lit\u00fargicas.<\/i><\/p>\n<\/div><\/div><\/div><\/div><\/div><div class=\"w-tabs-section\" id=\"l903\"><button class=\"w-tabs-section-header\" aria-controls=\"content-l903\" aria-expanded=\"false\"><div class=\"w-tabs-section-title\">7. Cosmovis\u00e3o e apolog\u00e9tica reformada (30h) &#8211; Rev. Allen Porto<\/div><div class=\"w-tabs-section-control\"><\/div><\/button><div  class=\"w-tabs-section-content\" id=\"content-l903\"><div class=\"w-tabs-section-content-h i-cf\"><div class=\"wpb_text_column\"><div class=\"wpb_wrapper\"><p><i>Exame aprofundado dos princ\u00edpios da cosmovis\u00e3o reformada a partir das contribui\u00e7\u00f5es de Abraham Kuyper, Herman Dooyeweerd e Cornelius Van Til, bem como da apolog\u00e9tica reformada, explorando as abordagens pressuposicionalista, evidencialista e cl\u00e1ssica. Explora como a f\u00e9 reformada deve moldar a compreens\u00e3o do mundo, da cultura, da arte, da ci\u00eancia e da pol\u00edtica. Aborda tamb\u00e9m o papel da Igreja na transforma\u00e7\u00e3o cultural e na proclama\u00e7\u00e3o do Reino de Deus em todas as esferas da vida.\u00a0<\/i><\/p>\n<\/div><\/div><\/div><\/div><\/div><div class=\"w-tabs-section\" id=\"bcb2\"><button class=\"w-tabs-section-header\" aria-controls=\"content-bcb2\" aria-expanded=\"false\"><div class=\"w-tabs-section-title\">8. \u00c9tica crist\u00e3 reformada (30h) &#8211; Rev. Jos\u00e9 Alex<\/div><div class=\"w-tabs-section-control\"><\/div><\/button><div  class=\"w-tabs-section-content\" id=\"content-bcb2\"><div class=\"w-tabs-section-content-h i-cf\"><div class=\"wpb_text_column\"><div class=\"wpb_wrapper\"><p><i>Estudo das implica\u00e7\u00f5es \u00e9ticas da teologia reformada em temas contempor\u00e2neos, como justi\u00e7a social, bio\u00e9tica, sexualidade, economia e pol\u00edtica. An\u00e1lise cr\u00edtica de perspectivas divergentes e constru\u00e7\u00e3o de uma \u00e9tica baseada na Palavra de Deus.<\/i><\/p>\n<\/div><\/div><\/div><\/div><\/div><div class=\"w-tabs-section\" id=\"d04a\"><button class=\"w-tabs-section-header\" aria-controls=\"content-d04a\" aria-expanded=\"false\"><div class=\"w-tabs-section-title\">9. Prega\u00e7\u00e3o expositiva reformada (30h) &#8211; Rev. Alexandre Lessa<\/div><div class=\"w-tabs-section-control\"><\/div><\/button><div  class=\"w-tabs-section-content\" id=\"content-d04a\"><div class=\"w-tabs-section-content-h i-cf\"><div class=\"wpb_text_column\"><div class=\"wpb_wrapper\"><p><i>Estudo aprofundado da prega\u00e7\u00e3o expositiva como m\u00e9todo essencial para a comunica\u00e7\u00e3o fiel da Palavra de Deus na tradi\u00e7\u00e3o reformada. Princ\u00edpios teol\u00f3gicos, hermen\u00eauticos e homil\u00e9ticos da prega\u00e7\u00e3o expositiva. An\u00e1lise de serm\u00f5es cl\u00e1ssicos reformados e pr\u00e1tica de prega\u00e7\u00e3o expositiva a partir de diferentes g\u00eaneros liter\u00e1rios b\u00edblicos. Aplica\u00e7\u00e3o pr\u00e1tica em contextos contempor\u00e2neos, com foco na edifica\u00e7\u00e3o da igreja e na evangeliza\u00e7\u00e3o.<\/i><\/p>\n<\/div><\/div><\/div><\/div><\/div><div class=\"w-tabs-section\" id=\"v3f9\"><button class=\"w-tabs-section-header\" aria-controls=\"content-v3f9\" aria-expanded=\"false\"><div class=\"w-tabs-section-title\">10. Trabalho de Conclus\u00e3o de Curso \u2013 TCC (90h) &#8211; Orientadores<\/div><div class=\"w-tabs-section-control\"><\/div><\/button><div  class=\"w-tabs-section-content\" id=\"content-v3f9\"><div class=\"w-tabs-section-content-h i-cf\"><div class=\"wpb_text_column\"><div class=\"wpb_wrapper\"><p><i>Confec\u00e7\u00e3o do trabalho de conclus\u00e3o de curso \u2013 Artigo Acad\u00eamico.<\/i><\/p>\n<\/div><\/div><\/div><\/div><\/div><\/div><\/div><\/div><\/div><\/div><\/div><\/section><section class=\"l-section wpb_row us_custom_8095fc19 height_custom\" id=\"inscricoes\"><div class=\"l-section-h i-cf\"><div class=\"g-cols vc_row via_grid cols_1 laptops-cols_inherit tablets-cols_inherit mobiles-cols_1 valign_middle type_default reversed stacking_default\"><div class=\"wpb_column vc_column_container\"><div class=\"vc_column-inner\"><div class=\"g-cols wpb_row via_grid cols_2 laptops-cols_inherit tablets-cols_inherit mobiles-cols_1 valign_middle type_default reversed stacking_default\" style=\"--gap:0rem;\"><div class=\"wpb_column vc_column_container us_custom_b8575908 has_bg_color\" id=\"inscricoes\"><div class=\"vc_column-inner\"><div class=\"w-btn-wrapper align_justify\"><a class=\"w-btn us-btn-style_2 us_custom_064d3121 icon_atleft\" target=\"_blank\" rel=\"nofollow\" href=\"https:\/\/forms.gle\/cGUuuaSewfBjf65W7\"><i class=\"fas fa-pen\"><\/i><span class=\"w-btn-label\">CLIQUE AQUI E FA\u00c7A SUA INSCRI\u00c7\u00c3O<\/span><\/a><\/div><div class=\"w-separator size_custom\" style=\"height:40px\"><\/div><div class=\"wpb_text_column us_custom_59aee68e\"><div class=\"wpb_wrapper\"><p>Maiores informa\u00e7\u00f5es:<br \/>\nWhatsApp (86) 98854-7297<\/p>\n<\/div><\/div><div class=\"wpb_text_column us_custom_f9bf6f4d\"><div class=\"wpb_wrapper\"><p>stneposgraduacao@gmail.com<\/p>\n<\/div><\/div><\/div><\/div><div class=\"wpb_column vc_column_container us_custom_08d70946 has_bg_color\"><div class=\"vc_column-inner\"><\/div><\/div><\/div><\/div><\/div><\/div><\/div><\/section>\n","protected":false},"excerpt":{"rendered":"P\u00f3s-Gradua\u00e7\u00e3o em Teologia Sistem\u00e1tica \u2013 Identidade Presbiteriana &#8220;Procura apresentar-te a Deus aprovado, como obreiro que n\u00e3o tem de que se envergonhar, que maneja bem a palavra da verdade.&#8221; 2Tim\u00f3teo 2:15 A P\u00f3s-Gradua\u00e7\u00e3o em Teologia Sistem\u00e1tica \u2013 Identidade Presbiteriana foi cuidadosamente estruturada para aprofundar o conhecimento teol\u00f3gico e fortalecer a compreens\u00e3o das doutrinas centrais da f\u00e9...","protected":false},"author":4,"featured_media":825,"parent":0,"menu_order":0,"comment_status":"closed","ping_status":"closed","template":"","meta":{"footnotes":""},"class_list":["post-11","page","type-page","status-publish","has-post-thumbnail","hentry"],"_links":{"self":[{"href":"https:\/\/stne.com.br\/posidpresbiteriana\/index.php?rest_route=\/wp\/v2\/pages\/11","targetHints":{"allow":["GET"]}}],"collection":[{"href":"https:\/\/stne.com.br\/posidpresbiteriana\/index.php?rest_route=\/wp\/v2\/pages"}],"about":[{"href":"https:\/\/stne.com.br\/posidpresbiteriana\/index.php?rest_route=\/wp\/v2\/types\/page"}],"author":[{"embeddable":true,"href":"https:\/\/stne.com.br\/posidpresbiteriana\/index.php?rest_route=\/wp\/v2\/users\/4"}],"replies":[{"embeddable":true,"href":"https:\/\/stne.com.br\/posidpresbiteriana\/index.php?rest_route=%2Fwp%2Fv2%2Fcomments&post=11"}],"version-history":[{"count":169,"href":"https:\/\/stne.com.br\/posidpresbiteriana\/index.php?rest_route=\/wp\/v2\/pages\/11\/revisions"}],"predecessor-version":[{"id":759,"href":"https:\/\/stne.com.br\/posidpresbiteriana\/index.php?rest_route=\/wp\/v2\/pages\/11\/revisions\/759"}],"wp:featuredmedia":[{"embeddable":true,"href":"https:\/\/stne.com.br\/posidpresbiteriana\/index.php?rest_route=\/wp\/v2\/media\/825"}],"wp:attachment":[{"href":"https:\/\/stne.com.br\/posidpresbiteriana\/index.php?rest_route=%2Fwp%2Fv2%2Fmedia&parent=11"}],"curies":[{"name":"wp","href":"https:\/\/api.w.org\/{rel}","templated":true}]}}